{"id":2,"date":"2022-10-07T20:57:38","date_gmt":"2022-10-07T20:57:38","guid":{"rendered":"https:\/\/nostalgic-pasteur.194-56-190-69.plesk.page\/?page_id=2"},"modified":"2025-11-10T09:43:55","modified_gmt":"2025-11-10T08:43:55","slug":"sample-page","status":"publish","type":"page","link":"https:\/\/hausarzt-wallisellen.ch\/en\/","title":{"rendered":"Start"},"content":{"rendered":"\t\t<div data-elementor-type=\"wp-page\" data-elementor-id=\"2\" class=\"elementor elementor-2\" data-elementor-post-type=\"page\">\n\t\t\t\t<div class=\"elementor-element elementor-element-3df9e3e e-con-full e-flex e-con e-parent\" data-id=\"3df9e3e\" data-element_type=\"container\" data-e-type=\"container\">\n\t\t<div class=\"elementor-element elementor-element-04c77bf e-flex e-con-boxed e-con e-child\" data-id=\"04c77bf\" data-element_type=\"container\" data-e-type=\"container\" data-settings=\"{&quot;background_background&quot;:&quot;classic&quot;}\">\n\t\t\t\t\t<div class=\"e-con-inner\">\n\t\t<div class=\"elementor-element elementor-element-4f91d47 e-con-full e-flex e-con e-child\" data-id=\"4f91d47\" data-element_type=\"container\" data-e-type=\"container\">\n\t\t\t\t<div class=\"elementor-element elementor-element-1bd1b86 elementor-widget elementor-widget-heading\" data-id=\"1bd1b86\" data-element_type=\"widget\" data-e-type=\"widget\" data-widget_type=\"heading.default\">\n\t\t\t\t<div class=\"elementor-widget-container\">\n\t\t\t\t\t<h1 class=\"elementor-heading-title elementor-size-default\">Ihre Gesundheit liegt uns am \nHerzen\n<\/h1>\t\t\t\t<\/div>\n\t\t\t\t<\/div>\n\t\t\t\t<div class=\"elementor-element elementor-element-4739b17 elementor-widget elementor-widget-text-editor\" data-id=\"4739b17\" data-element_type=\"widget\" data-e-type=\"widget\" data-widget_type=\"text-editor.default\">\n\t\t\t\t<div class=\"elementor-widget-container\">\n\t\t\t\t\t\t\t\t\t<p>Wir freuen uns, Sie in unserer Arztpraxis im Zentrum von Wallisellen begr\u00fcssen zu d\u00fcrfen. Auf rund 200m<sup>2<\/sup> Fl\u00e4che erwartet Sie eine hochmoderne, rollstuhlg\u00e4ngige und verkehrstechnisch gut erschlossene Arztpraxis.<\/p>\t\t\t\t\t\t\t\t<\/div>\n\t\t\t\t<\/div>\n\t\t\t\t<\/div>\n\t\t\t\t<div class=\"elementor-element elementor-element-682f332 elementor-widget__width-initial elementor-widget elementor-widget-image\" data-id=\"682f332\" data-element_type=\"widget\" data-e-type=\"widget\" data-widget_type=\"image.default\">\n\t\t\t\t<div class=\"elementor-widget-container\">\n\t\t\t\t\t\t\t\t\t\t\t\t\t\t\t<img fetchpriority=\"high\" decoding=\"async\" width=\"800\" height=\"534\" src=\"https:\/\/hausarzt-wallisellen.ch\/wp-content\/uploads\/2023\/11\/Gang_zu_Sprechzimmer-1024x683.jpg\" class=\"attachment-large size-large wp-image-1161\" alt=\"\" srcset=\"https:\/\/hausarzt-wallisellen.ch\/wp-content\/uploads\/2023\/11\/Gang_zu_Sprechzimmer-1024x683.jpg 1024w, https:\/\/hausarzt-wallisellen.ch\/wp-content\/uploads\/2023\/11\/Gang_zu_Sprechzimmer-300x200.jpg 300w, https:\/\/hausarzt-wallisellen.ch\/wp-content\/uploads\/2023\/11\/Gang_zu_Sprechzimmer-768x512.jpg 768w, https:\/\/hausarzt-wallisellen.ch\/wp-content\/uploads\/2023\/11\/Gang_zu_Sprechzimmer-18x12.jpg 18w, https:\/\/hausarzt-wallisellen.ch\/wp-content\/uploads\/2023\/11\/Gang_zu_Sprechzimmer.jpg 1400w\" sizes=\"(max-width: 800px) 100vw, 800px\" \/>\t\t\t\t\t\t\t\t\t\t\t\t\t\t\t<\/div>\n\t\t\t\t<\/div>\n\t\t\t\t\t<\/div>\n\t\t\t\t<\/div>\n\t\t\t\t<\/div>\n\t\t<div class=\"elementor-element elementor-element-a869a5b e-flex e-con-boxed e-con e-parent\" data-id=\"a869a5b\" data-element_type=\"container\" data-e-type=\"container\">\n\t\t\t\t\t<div class=\"e-con-inner\">\n\t\t<div class=\"elementor-element elementor-element-bcdbfac e-con-full e-flex e-con e-child\" data-id=\"bcdbfac\" data-element_type=\"container\" data-e-type=\"container\" data-settings=\"{&quot;background_background&quot;:&quot;classic&quot;}\">\n\t\t\t\t<div class=\"elementor-element elementor-element-9afc628 elementor-widget elementor-widget-text-editor\" data-id=\"9afc628\" data-element_type=\"widget\" data-e-type=\"widget\" data-widget_type=\"text-editor.default\">\n\t\t\t\t<div class=\"elementor-widget-container\">\n\t\t\t\t\t\t\t\t\t<p>Als Facharzt f\u00fcr Innere Medizin ist es mir ein grosses Anliegen, Sie individuell und ganzheitlich zu betreuen. Wenn Sie einen Arzt suchen, der Wert auf eine umfassende Betreuung legt, dann freue ich mich, Ihr Ansprechpartner zu sein.<\/p>\t\t\t\t\t\t\t\t<\/div>\n\t\t\t\t<\/div>\n\t\t\t\t<div class=\"elementor-element elementor-element-8e797bd elementor-widget elementor-widget-heading\" data-id=\"8e797bd\" data-element_type=\"widget\" data-e-type=\"widget\" data-widget_type=\"heading.default\">\n\t\t\t\t<div class=\"elementor-widget-container\">\n\t\t\t\t\t<span class=\"elementor-heading-title elementor-size-default\">Dr. med. Markus Frey<\/span>\t\t\t\t<\/div>\n\t\t\t\t<\/div>\n\t\t\t\t<\/div>\n\t\t\t\t\t<\/div>\n\t\t\t\t<\/div>\n\t\t<div class=\"elementor-element elementor-element-d9f2082 e-flex e-con-boxed e-con e-parent\" data-id=\"d9f2082\" data-element_type=\"container\" data-e-type=\"container\">\n\t\t\t\t\t<div class=\"e-con-inner\">\n\t\t\t\t<div class=\"elementor-element elementor-element-f1b3c86 elementor-widget__width-inherit elementor-widget elementor-widget-heading\" data-id=\"f1b3c86\" data-element_type=\"widget\" data-e-type=\"widget\" data-widget_type=\"heading.default\">\n\t\t\t\t<div class=\"elementor-widget-container\">\n\t\t\t\t\t<h2 class=\"elementor-heading-title elementor-size-default\">\u00dcber unsere Praxis<\/h2>\t\t\t\t<\/div>\n\t\t\t\t<\/div>\n\t\t<div class=\"elementor-element elementor-element-42876eb e-con-full e-flex e-con e-child\" data-id=\"42876eb\" data-element_type=\"container\" data-e-type=\"container\">\n\t\t\t\t<div class=\"elementor-element elementor-element-4c6b7e0 elementor-widget__width-auto elementor-view-default elementor-widget elementor-widget-icon\" data-id=\"4c6b7e0\" data-element_type=\"widget\" data-e-type=\"widget\" data-widget_type=\"icon.default\">\n\t\t\t\t<div class=\"elementor-widget-container\">\n\t\t\t\t\t\t\t<div class=\"elementor-icon-wrapper\">\n\t\t\t<div class=\"elementor-icon\">\n\t\t\t<svg aria-hidden=\"true\" class=\"e-font-icon-svg e-fas-user-md\" viewBox=\"0 0 448 512\" xmlns=\"http:\/\/www.w3.org\/2000\/svg\"><path d=\"M224 256c70.7 0 128-57.3 128-128S294.7 0 224 0 96 57.3 96 128s57.3 128 128 128zM104 424c0 13.3 10.7 24 24 24s24-10.7 24-24-10.7-24-24-24-24 10.7-24 24zm216-135.4v49c36.5 7.4 64 39.8 64 78.4v41.7c0 7.6-5.4 14.2-12.9 15.7l-32.2 6.4c-4.3.9-8.5-1.9-9.4-6.3l-3.1-15.7c-.9-4.3 1.9-8.6 6.3-9.4l19.3-3.9V416c0-62.8-96-65.1-96 1.9v26.7l19.3 3.9c4.3.9 7.1 5.1 6.3 9.4l-3.1 15.7c-.9 4.3-5.1 7.1-9.4 6.3l-31.2-4.2c-7.9-1.1-13.8-7.8-13.8-15.9V416c0-38.6 27.5-70.9 64-78.4v-45.2c-2.2.7-4.4 1.1-6.6 1.9-18 6.3-37.3 9.8-57.4 9.8s-39.4-3.5-57.4-9.8c-7.4-2.6-14.9-4.2-22.6-5.2v81.6c23.1 6.9 40 28.1 40 53.4 0 30.9-25.1 56-56 56s-56-25.1-56-56c0-25.3 16.9-46.5 40-53.4v-80.4C48.5 301 0 355.8 0 422.4v44.8C0 491.9 20.1 512 44.8 512h358.4c24.7 0 44.8-20.1 44.8-44.8v-44.8c0-72-56.8-130.3-128-133.8z\"><\/path><\/svg>\t\t\t<\/div>\n\t\t<\/div>\n\t\t\t\t\t\t<\/div>\n\t\t\t\t<\/div>\n\t\t\t\t<div class=\"elementor-element elementor-element-fd6239f elementor-widget__width-inherit elementor-widget elementor-widget-heading\" data-id=\"fd6239f\" data-element_type=\"widget\" data-e-type=\"widget\" data-widget_type=\"heading.default\">\n\t\t\t\t<div class=\"elementor-widget-container\">\n\t\t\t\t\t<h3 class=\"elementor-heading-title elementor-size-default\">Ausbildungspraxis<\/h3>\t\t\t\t<\/div>\n\t\t\t\t<\/div>\n\t\t\t\t<div class=\"elementor-element elementor-element-8ab6568 elementor-widget elementor-widget-text-editor\" data-id=\"8ab6568\" data-element_type=\"widget\" data-e-type=\"widget\" data-widget_type=\"text-editor.default\">\n\t\t\t\t<div class=\"elementor-widget-container\">\n\t\t\t\t\t\t\t\t\t<p>Seit Jahren engagieren wir uns f\u00fcr den Nachwuchs in der medizinschen Grundversorgung. Dies beinhaltet die Ausbildung von MPA, Studenten sowie Fach\u00e4rzten, welche im Rahmen einer Praxisassistenz bei uns t\u00e4tig sind.<\/p>\t\t\t\t\t\t\t\t<\/div>\n\t\t\t\t<\/div>\n\t\t\t\t<div class=\"elementor-element elementor-element-bdaca62 e-transform elementor-widget elementor-widget-button\" data-id=\"bdaca62\" data-element_type=\"widget\" data-e-type=\"widget\" data-settings=\"{&quot;_transform_translateX_effect_hover&quot;:{&quot;unit&quot;:&quot;px&quot;,&quot;size&quot;:15,&quot;sizes&quot;:[]},&quot;_transform_translateX_effect_hover_tablet&quot;:{&quot;unit&quot;:&quot;px&quot;,&quot;size&quot;:&quot;&quot;,&quot;sizes&quot;:[]},&quot;_transform_translateX_effect_hover_mobile&quot;:{&quot;unit&quot;:&quot;px&quot;,&quot;size&quot;:&quot;&quot;,&quot;sizes&quot;:[]},&quot;_transform_translateY_effect_hover&quot;:{&quot;unit&quot;:&quot;px&quot;,&quot;size&quot;:&quot;&quot;,&quot;sizes&quot;:[]},&quot;_transform_translateY_effect_hover_tablet&quot;:{&quot;unit&quot;:&quot;px&quot;,&quot;size&quot;:&quot;&quot;,&quot;sizes&quot;:[]},&quot;_transform_translateY_effect_hover_mobile&quot;:{&quot;unit&quot;:&quot;px&quot;,&quot;size&quot;:&quot;&quot;,&quot;sizes&quot;:[]}}\" data-widget_type=\"button.default\">\n\t\t\t\t<div class=\"elementor-widget-container\">\n\t\t\t\t\t\t\t\t\t<div class=\"elementor-button-wrapper\">\n\t\t\t\t\t<a class=\"elementor-button elementor-button-link elementor-size-sm\" href=\"https:\/\/hausarzt-wallisellen.ch\/praxisteam\/\">\n\t\t\t\t\t\t<span class=\"elementor-button-content-wrapper\">\n\t\t\t\t\t\t<span class=\"elementor-button-icon\">\n\t\t\t\t<svg aria-hidden=\"true\" class=\"e-font-icon-svg e-fas-arrow-right\" viewBox=\"0 0 448 512\" xmlns=\"http:\/\/www.w3.org\/2000\/svg\"><path d=\"M190.5 66.9l22.2-22.2c9.4-9.4 24.6-9.4 33.9 0L441 239c9.4 9.4 9.4 24.6 0 33.9L246.6 467.3c-9.4 9.4-24.6 9.4-33.9 0l-22.2-22.2c-9.5-9.5-9.3-25 .4-34.3L311.4 296H24c-13.3 0-24-10.7-24-24v-32c0-13.3 10.7-24 24-24h287.4L190.9 101.2c-9.8-9.3-10-24.8-.4-34.3z\"><\/path><\/svg>\t\t\t<\/span>\n\t\t\t\t\t\t\t\t\t<span class=\"elementor-button-text\">Praxisteam<\/span>\n\t\t\t\t\t<\/span>\n\t\t\t\t\t<\/a>\n\t\t\t\t<\/div>\n\t\t\t\t\t\t\t\t<\/div>\n\t\t\t\t<\/div>\n\t\t\t\t<\/div>\n\t\t<div class=\"elementor-element elementor-element-96f5a76 e-con-full e-flex e-con e-child\" data-id=\"96f5a76\" data-element_type=\"container\" data-e-type=\"container\">\n\t\t\t\t<div class=\"elementor-element elementor-element-ff4c71b elementor-widget__width-auto elementor-view-default elementor-widget elementor-widget-icon\" data-id=\"ff4c71b\" data-element_type=\"widget\" data-e-type=\"widget\" data-widget_type=\"icon.default\">\n\t\t\t\t<div class=\"elementor-widget-container\">\n\t\t\t\t\t\t\t<div class=\"elementor-icon-wrapper\">\n\t\t\t<div class=\"elementor-icon\">\n\t\t\t<svg aria-hidden=\"true\" class=\"e-font-icon-svg e-fas-clock\" viewBox=\"0 0 512 512\" xmlns=\"http:\/\/www.w3.org\/2000\/svg\"><path d=\"M256,8C119,8,8,119,8,256S119,504,256,504,504,393,504,256,393,8,256,8Zm92.49,313h0l-20,25a16,16,0,0,1-22.49,2.5h0l-67-49.72a40,40,0,0,1-15-31.23V112a16,16,0,0,1,16-16h32a16,16,0,0,1,16,16V256l58,42.5A16,16,0,0,1,348.49,321Z\"><\/path><\/svg>\t\t\t<\/div>\n\t\t<\/div>\n\t\t\t\t\t\t<\/div>\n\t\t\t\t<\/div>\n\t\t\t\t<div class=\"elementor-element elementor-element-1f921ce elementor-widget__width-inherit elementor-widget elementor-widget-heading\" data-id=\"1f921ce\" data-element_type=\"widget\" data-e-type=\"widget\" data-widget_type=\"heading.default\">\n\t\t\t\t<div class=\"elementor-widget-container\">\n\t\t\t\t\t<h3 class=\"elementor-heading-title elementor-size-default\">\u00d6ffnungszeiten<\/h3>\t\t\t\t<\/div>\n\t\t\t\t<\/div>\n\t\t\t\t<div class=\"elementor-element elementor-element-3ea07fb elementor-widget elementor-widget-text-editor\" data-id=\"3ea07fb\" data-element_type=\"widget\" data-e-type=\"widget\" data-widget_type=\"text-editor.default\">\n\t\t\t\t<div class=\"elementor-widget-container\">\n\t\t\t\t\t\t\t\t\t<table class=\"lauftext\" border=\"0\" width=\"410\" cellspacing=\"0\" cellpadding=\"0\"><tbody><tr><td class=\"lauftext\" colspan=\"1\" rowspan=\"1\" align=\"left\" valign=\"middle\">Montag<\/td><td class=\"lauftext\" colspan=\"1\" rowspan=\"1\" align=\"center\" valign=\"middle\">08:00 &#8211; 12:00<\/td><td class=\"lauftext\" colspan=\"1\" rowspan=\"1\" align=\"center\" valign=\"middle\">13:30 &#8211; 18:00<\/td><\/tr><tr><td class=\"lauftext\" colspan=\"1\" rowspan=\"1\" align=\"left\" valign=\"middle\">Dienstag<\/td><td class=\"lauftext\" colspan=\"1\" rowspan=\"1\" align=\"center\" valign=\"middle\">08:00 &#8211; 12:00<\/td><td class=\"lauftext\" colspan=\"1\" rowspan=\"1\" align=\"center\" valign=\"middle\">13:30 &#8211; 18:00<\/td><\/tr><tr><td class=\"lauftext\" colspan=\"1\" rowspan=\"1\" align=\"left\" valign=\"middle\">Mittwoch<\/td><td class=\"lauftext\" colspan=\"1\" rowspan=\"1\" align=\"center\" valign=\"middle\">08:00 &#8211; 12:00<\/td><td class=\"lauftext\" colspan=\"1\" rowspan=\"1\" align=\"center\" valign=\"middle\">13:30 &#8211; 18:00<\/td><\/tr><tr><td class=\"lauftext\" colspan=\"1\" rowspan=\"1\" align=\"left\" valign=\"middle\">Donnerstag<\/td><td class=\"lauftext\" colspan=\"1\" rowspan=\"1\" align=\"center\" valign=\"middle\">08:00 &#8211; 12:00<\/td><td class=\"lauftext\" colspan=\"1\" rowspan=\"1\" align=\"center\" valign=\"middle\">geschlossen<\/td><\/tr><tr><td class=\"lauftext\" colspan=\"1\" rowspan=\"1\" align=\"left\" valign=\"middle\">Freitag<\/td><td class=\"lauftext\" colspan=\"1\" rowspan=\"1\" align=\"center\" valign=\"middle\">08:00 &#8211; 12:00<\/td><td class=\"lauftext\" colspan=\"1\" rowspan=\"1\" align=\"center\" valign=\"middle\">13:30 &#8211; 18:00<\/td><\/tr><\/tbody><\/table>\t\t\t\t\t\t\t\t<\/div>\n\t\t\t\t<\/div>\n\t\t\t\t<div class=\"elementor-element elementor-element-219f39c elementor-widget__width-inherit elementor-widget elementor-widget-heading\" data-id=\"219f39c\" data-element_type=\"widget\" data-e-type=\"widget\" data-widget_type=\"heading.default\">\n\t\t\t\t<div class=\"elementor-widget-container\">\n\t\t\t\t\t<h3 class=\"elementor-heading-title elementor-size-default\">Telefonzeiten<\/h3>\t\t\t\t<\/div>\n\t\t\t\t<\/div>\n\t\t\t\t<div class=\"elementor-element elementor-element-5de97be elementor-widget elementor-widget-text-editor\" data-id=\"5de97be\" data-element_type=\"widget\" data-e-type=\"widget\" data-widget_type=\"text-editor.default\">\n\t\t\t\t<div class=\"elementor-widget-container\">\n\t\t\t\t\t\t\t\t\t<table class=\"lauftext\" border=\"0\" width=\"410\" cellspacing=\"0\" cellpadding=\"0\"><tbody><tr><td class=\"lauftext\" colspan=\"1\" rowspan=\"1\" align=\"left\" valign=\"middle\">Montag<\/td><td class=\"lauftext\" colspan=\"1\" rowspan=\"1\" align=\"center\" valign=\"middle\">08:15 \u2013 11:30<\/td><td class=\"lauftext\" colspan=\"1\" rowspan=\"1\" align=\"center\" valign=\"middle\">14:00 \u2013 17:30<\/td><\/tr><tr><td class=\"lauftext\" colspan=\"1\" rowspan=\"1\" align=\"left\" valign=\"middle\">Dienstag<\/td><td class=\"lauftext\" colspan=\"1\" rowspan=\"1\" align=\"center\" valign=\"middle\">08:15 \u2013 11:30<\/td><td class=\"lauftext\" colspan=\"1\" rowspan=\"1\" align=\"center\" valign=\"middle\">14:00 \u2013 17:30<\/td><\/tr><tr><td class=\"lauftext\" colspan=\"1\" rowspan=\"1\" align=\"left\" valign=\"middle\">Mittwoch<\/td><td class=\"lauftext\" colspan=\"1\" rowspan=\"1\" align=\"center\" valign=\"middle\">08:15 \u2013 11:30<\/td><td class=\"lauftext\" colspan=\"1\" rowspan=\"1\" align=\"center\" valign=\"middle\">14:00 \u2013 17:30<\/td><\/tr><tr><td class=\"lauftext\" colspan=\"1\" rowspan=\"1\" align=\"left\" valign=\"middle\">Donnerstag<\/td><td class=\"lauftext\" colspan=\"1\" rowspan=\"1\" align=\"center\" valign=\"middle\">08:15 \u2013 11:30<\/td><td class=\"lauftext\" colspan=\"1\" rowspan=\"1\" align=\"center\" valign=\"middle\">geschlossen<\/td><\/tr><tr><td class=\"lauftext\" colspan=\"1\" rowspan=\"1\" align=\"left\" valign=\"middle\">Freitag<\/td><td class=\"lauftext\" colspan=\"1\" rowspan=\"1\" align=\"center\" valign=\"middle\">08:15 \u2013 11:30<\/td><td class=\"lauftext\" colspan=\"1\" rowspan=\"1\" align=\"center\" valign=\"middle\">14:00 \u2013 17:30<\/td><\/tr><\/tbody><\/table>\t\t\t\t\t\t\t\t<\/div>\n\t\t\t\t<\/div>\n\t\t\t\t<\/div>\n\t\t<div class=\"elementor-element elementor-element-66b35aa e-con-full e-flex e-con e-child\" data-id=\"66b35aa\" data-element_type=\"container\" data-e-type=\"container\">\n\t\t\t\t<div class=\"elementor-element elementor-element-cc390c9 elementor-widget__width-auto elementor-view-default elementor-widget elementor-widget-icon\" data-id=\"cc390c9\" data-element_type=\"widget\" data-e-type=\"widget\" data-widget_type=\"icon.default\">\n\t\t\t\t<div class=\"elementor-widget-container\">\n\t\t\t\t\t\t\t<div class=\"elementor-icon-wrapper\">\n\t\t\t<div class=\"elementor-icon\">\n\t\t\t<svg aria-hidden=\"true\" class=\"e-font-icon-svg e-fas-notes-medical\" viewBox=\"0 0 384 512\" xmlns=\"http:\/\/www.w3.org\/2000\/svg\"><path d=\"M336 64h-80c0-35.3-28.7-64-64-64s-64 28.7-64 64H48C21.5 64 0 85.5 0 112v352c0 26.5 21.5 48 48 48h288c26.5 0 48-21.5 48-48V112c0-26.5-21.5-48-48-48zM192 40c13.3 0 24 10.7 24 24s-10.7 24-24 24-24-10.7-24-24 10.7-24 24-24zm96 304c0 4.4-3.6 8-8 8h-56v56c0 4.4-3.6 8-8 8h-48c-4.4 0-8-3.6-8-8v-56h-56c-4.4 0-8-3.6-8-8v-48c0-4.4 3.6-8 8-8h56v-56c0-4.4 3.6-8 8-8h48c4.4 0 8 3.6 8 8v56h56c4.4 0 8 3.6 8 8v48zm0-192c0 4.4-3.6 8-8 8H104c-4.4 0-8-3.6-8-8v-16c0-4.4 3.6-8 8-8h176c4.4 0 8 3.6 8 8v16z\"><\/path><\/svg>\t\t\t<\/div>\n\t\t<\/div>\n\t\t\t\t\t\t<\/div>\n\t\t\t\t<\/div>\n\t\t\t\t<div class=\"elementor-element elementor-element-9c6b866 elementor-widget__width-inherit elementor-widget elementor-widget-heading\" data-id=\"9c6b866\" data-element_type=\"widget\" data-e-type=\"widget\" data-widget_type=\"heading.default\">\n\t\t\t\t<div class=\"elementor-widget-container\">\n\t\t\t\t\t<h3 class=\"elementor-heading-title elementor-size-default\">Hausarztmodell<\/h3>\t\t\t\t<\/div>\n\t\t\t\t<\/div>\n\t\t\t\t<div class=\"elementor-element elementor-element-e40ad36 elementor-widget elementor-widget-text-editor\" data-id=\"e40ad36\" data-element_type=\"widget\" data-e-type=\"widget\" data-widget_type=\"text-editor.default\">\n\t\t\t\t<div class=\"elementor-widget-container\">\n\t\t\t\t\t\t\t\t\t<p>Sie erhalten eine Pr\u00e4mienverg\u00fcnstigung, wenn Sie sich verpflichten, im Krankheitsfall zuerst unsere Praxis aufzusuchen. F\u00fcr weitere Informationen wenden Sie sich bitte an Ihre Krankenkasse.<\/p>\t\t\t\t\t\t\t\t<\/div>\n\t\t\t\t<\/div>\n\t\t\t\t<\/div>\n\t\t\t\t<div class=\"elementor-element elementor-element-d03ce90 elementor-widget elementor-widget-jet-listing-grid\" data-id=\"d03ce90\" data-element_type=\"widget\" data-e-type=\"widget\" data-settings=\"{&quot;columns&quot;:&quot;1&quot;}\" data-widget_type=\"jet-listing-grid.default\">\n\t\t\t\t<div class=\"elementor-widget-container\">\n\t\t\t\t\t<div class=\"jet-listing-grid jet-listing\"><div class=\"jet-listing-grid__items grid-col-desk-1 grid-col-tablet-1 grid-col-mobile-1 jet-listing-grid--1430 grid-collapse-gap\" data-queried-id=\"2|WP_Post\" data-nav=\"{&quot;enabled&quot;:false,&quot;type&quot;:null,&quot;more_el&quot;:null,&quot;query&quot;:[],&quot;widget_settings&quot;:{&quot;lisitng_id&quot;:1430,&quot;posts_num&quot;:99,&quot;columns&quot;:1,&quot;columns_tablet&quot;:1,&quot;columns_mobile&quot;:1,&quot;column_min_width&quot;:240,&quot;column_min_width_tablet&quot;:240,&quot;column_min_width_mobile&quot;:240,&quot;inline_columns_css&quot;:false,&quot;is_archive_template&quot;:&quot;&quot;,&quot;post_status&quot;:[&quot;publish&quot;],&quot;use_random_posts_num&quot;:&quot;&quot;,&quot;max_posts_num&quot;:9,&quot;not_found_message&quot;:&quot;No data was found&quot;,&quot;is_masonry&quot;:false,&quot;equal_columns_height&quot;:&quot;&quot;,&quot;use_load_more&quot;:&quot;&quot;,&quot;load_more_id&quot;:&quot;&quot;,&quot;load_more_type&quot;:&quot;click&quot;,&quot;load_more_offset&quot;:null,&quot;use_custom_post_types&quot;:&quot;&quot;,&quot;custom_post_types&quot;:[],&quot;hide_widget_if&quot;:&quot;&quot;,&quot;carousel_enabled&quot;:&quot;&quot;,&quot;slides_to_scroll&quot;:&quot;1&quot;,&quot;arrows&quot;:&quot;true&quot;,&quot;arrow_icon&quot;:&quot;fa fa-angle-left&quot;,&quot;dots&quot;:&quot;&quot;,&quot;autoplay&quot;:&quot;true&quot;,&quot;pause_on_hover&quot;:&quot;true&quot;,&quot;autoplay_speed&quot;:5000,&quot;infinite&quot;:&quot;true&quot;,&quot;center_mode&quot;:&quot;&quot;,&quot;effect&quot;:&quot;slide&quot;,&quot;speed&quot;:500,&quot;inject_alternative_items&quot;:&quot;&quot;,&quot;injection_items&quot;:[],&quot;scroll_slider_enabled&quot;:&quot;&quot;,&quot;scroll_slider_on&quot;:[&quot;desktop&quot;,&quot;tablet&quot;,&quot;mobile&quot;],&quot;custom_query&quot;:false,&quot;custom_query_id&quot;:&quot;&quot;,&quot;_element_id&quot;:&quot;&quot;,&quot;collapse_first_last_gap&quot;:&quot;true&quot;,&quot;list_tag_selection&quot;:&quot;&quot;,&quot;list_items_wrapper_tag&quot;:&quot;div&quot;,&quot;list_item_tag&quot;:&quot;div&quot;,&quot;empty_items_wrapper_tag&quot;:&quot;div&quot;}}\" data-page=\"1\" data-pages=\"1\" data-listing-source=\"repeater\" data-listing-id=\"1430\" data-query-id=\"\"><div class=\"jet-listing-grid__item jet-listing-dynamic-post-2\" data-post-id=\"2\"  >\t\t<div data-elementor-type=\"jet-listing-items\" data-elementor-id=\"1430\" class=\"elementor elementor-1430\" data-elementor-post-type=\"jet-engine\">\n\t\t\t\t<div class=\"elementor-element elementor-element-f16dfa7 e-con-full e-flex e-con e-child\" data-id=\"f16dfa7\" data-element_type=\"container\" data-e-type=\"container\" data-settings=\"{&quot;background_background&quot;:&quot;classic&quot;}\">\n\t\t\t\t<div class=\"elementor-element elementor-element-ea3bac6 elementor-widget__width-initial elementor-widget elementor-widget-jet-listing-dynamic-field\" data-id=\"ea3bac6\" data-element_type=\"widget\" data-e-type=\"widget\" data-widget_type=\"jet-listing-dynamic-field.default\">\n\t\t\t\t<div class=\"elementor-widget-container\">\n\t\t\t\t\t<div class=\"jet-listing jet-listing-dynamic-field display-inline\"><div class=\"jet-listing-dynamic-field__inline-wrap\"><div class=\"jet-listing-dynamic-field__content\" ><div>Aufgrund der Feiertage \u00fcber Ostern sind wir vom 03.04.-06-04.26 abwesend, genauso wie im Zeitraum vom 30.04.-03.05.26. Ab dem 04.05.26 sind wir wieder wie gewohnt f\u00fcr Sie da. Ebenso bleibt die Praxis geschlossen \u00fcber das Auffahrtswochenende vom 14.05.-17.05.26.<\/div>\n<div>Wir bitten daf\u00fcr um Verst\u00e4ndnis. In Notfallsituationen bitten wir Sie, sich an das Aerztefon (0800 33 66 55) oder an die Notfallstation des n\u00e4chstgelegenen Spitals zu wenden.<\/div>\n<\/div><\/div><\/div>\t\t\t\t<\/div>\n\t\t\t\t<\/div>\n\t\t\t\t<\/div>\n\t\t\t\t<\/div>\n\t\t<\/div><div class=\"jet-listing-grid__item jet-listing-dynamic-post-2\" data-post-id=\"2\"  >\t\t<div data-elementor-type=\"jet-listing-items\" data-elementor-id=\"1430\" class=\"elementor elementor-1430\" data-elementor-post-type=\"jet-engine\">\n\t\t\t\t<div class=\"elementor-element elementor-element-f16dfa7 e-con-full e-flex e-con e-child\" data-id=\"f16dfa7\" data-element_type=\"container\" data-e-type=\"container\" data-settings=\"{&quot;background_background&quot;:&quot;classic&quot;}\">\n\t\t\t\t<div class=\"elementor-element elementor-element-ea3bac6 elementor-widget__width-initial elementor-widget elementor-widget-jet-listing-dynamic-field\" data-id=\"ea3bac6\" data-element_type=\"widget\" data-e-type=\"widget\" data-widget_type=\"jet-listing-dynamic-field.default\">\n\t\t\t\t<div class=\"elementor-widget-container\">\n\t\t\t\t\t<div class=\"jet-listing jet-listing-dynamic-field display-inline\"><div class=\"jet-listing-dynamic-field__inline-wrap\"><div class=\"jet-listing-dynamic-field__content\" ><div>\n<div>Nach der Verst\u00e4rkung unseres \u00e4rztlichen Teams durch dipl. med. Chr. Schaub als fix t\u00e4tiger Arzt mit eigener Sprechstunde wird Fr. Dr. med. et lic. phil. Franca Grischott als neue Praxisassistentin die Nachfolge von dipl. med. A. Dussault antreten. Frau Dr. Grischott ist eine erfahrene und versierte \u00c4rztin mit Vorkenntnissen in der Hausarztmedizin, und wird zur substantiellen Erweiterung unserer \u00e4rztlichen Betreuungskapazit\u00e4ten beitragen. Wir sind ab sofort wieder in der Lage, auch neue Patienten bei uns aufzunehmen.<\/div>\n<div>Wichtig ist f\u00fcr die Patienten, die durch dipl. med. Chr. Schaub \u00e4rztlich betreut werden und sich im Hausarztmodell versichern lassen m\u00f6chten, bei der Krankenkasse jeweils den Namen der Praxis von Dr. med. Markus Frey anzugeben. Unser Praxisteam hilft Ihnen bei Fragen oder Unklarheiten gerne weiter.<\/div>\n<\/div>\n<\/div><\/div><\/div>\t\t\t\t<\/div>\n\t\t\t\t<\/div>\n\t\t\t\t<\/div>\n\t\t\t\t<\/div>\n\t\t<\/div><div class=\"jet-listing-grid__item jet-listing-dynamic-post-2\" data-post-id=\"2\"  >\t\t<div data-elementor-type=\"jet-listing-items\" data-elementor-id=\"1430\" class=\"elementor elementor-1430\" data-elementor-post-type=\"jet-engine\">\n\t\t\t\t<div class=\"elementor-element elementor-element-f16dfa7 e-con-full e-flex e-con e-child\" data-id=\"f16dfa7\" data-element_type=\"container\" data-e-type=\"container\" data-settings=\"{&quot;background_background&quot;:&quot;classic&quot;}\">\n\t\t\t\t<div class=\"elementor-element elementor-element-ea3bac6 elementor-widget__width-initial elementor-widget elementor-widget-jet-listing-dynamic-field\" data-id=\"ea3bac6\" data-element_type=\"widget\" data-e-type=\"widget\" data-widget_type=\"jet-listing-dynamic-field.default\">\n\t\t\t\t<div class=\"elementor-widget-container\">\n\t\t\t\t\t<div class=\"jet-listing jet-listing-dynamic-field display-inline\"><div class=\"jet-listing-dynamic-field__inline-wrap\"><div class=\"jet-listing-dynamic-field__content\" ><div>Seit Anfang Februar 2026 verst\u00e4rkt Frau Brindha Sivakumar unser MPA Team. Frau Sivakumar arbeitet in einem 40% Pensum, bringt aber sehr viel Erfahrung und Know-how mit ins Team, weshalb sie f\u00fcr unsere Praxis menschlich und fachlich eine wichtige Bereicherung darstellt. Im Namen der gesamten Teams heissen wir Frau Sivakumar ganz herzlich willkommen!<\/div>\n<\/div><\/div><\/div>\t\t\t\t<\/div>\n\t\t\t\t<\/div>\n\t\t\t\t<\/div>\n\t\t\t\t<\/div>\n\t\t<\/div><\/div><\/div>\t\t\t\t<\/div>\n\t\t\t\t<\/div>\n\t\t\t\t<div class=\"elementor-element elementor-element-bda9e08 elementor-widget__width-inherit elementor-hidden-desktop elementor-hidden-tablet elementor-hidden-mobile elementor-widget elementor-widget-image\" data-id=\"bda9e08\" data-element_type=\"widget\" data-e-type=\"widget\" data-widget_type=\"image.default\">\n\t\t\t\t<div class=\"elementor-widget-container\">\n\t\t\t\t\t\t\t\t\t\t\t\t\t\t\t\t<a href=\"https:\/\/hausarzt-wallisellen.ch\/wp-content\/uploads\/2025\/07\/Ferieninfo-Sommer--scaled.jpg\" data-elementor-open-lightbox=\"yes\" data-elementor-lightbox-title=\"Ferieninfo Sommer\" data-e-action-hash=\"#elementor-action%3Aaction%3Dlightbox%26settings%3DeyJpZCI6MTQ4MSwidXJsIjoiaHR0cHM6XC9cL2hhdXNhcnp0LXdhbGxpc2VsbGVuLmNoXC93cC1jb250ZW50XC91cGxvYWRzXC8yMDI1XC8wN1wvRmVyaWVuaW5mby1Tb21tZXItLXNjYWxlZC5qcGcifQ%3D%3D\">\n\t\t\t\t\t\t\t<img decoding=\"async\" width=\"724\" height=\"1024\" src=\"https:\/\/hausarzt-wallisellen.ch\/wp-content\/uploads\/2025\/07\/Ferieninfo-Sommer--724x1024.jpg\" class=\"attachment-large size-large wp-image-1481\" alt=\"\" srcset=\"https:\/\/hausarzt-wallisellen.ch\/wp-content\/uploads\/2025\/07\/Ferieninfo-Sommer--724x1024.jpg 724w, https:\/\/hausarzt-wallisellen.ch\/wp-content\/uploads\/2025\/07\/Ferieninfo-Sommer--212x300.jpg 212w, https:\/\/hausarzt-wallisellen.ch\/wp-content\/uploads\/2025\/07\/Ferieninfo-Sommer--768x1086.jpg 768w, https:\/\/hausarzt-wallisellen.ch\/wp-content\/uploads\/2025\/07\/Ferieninfo-Sommer--1086x1536.jpg 1086w, https:\/\/hausarzt-wallisellen.ch\/wp-content\/uploads\/2025\/07\/Ferieninfo-Sommer--1448x2048.jpg 1448w, https:\/\/hausarzt-wallisellen.ch\/wp-content\/uploads\/2025\/07\/Ferieninfo-Sommer--8x12.jpg 8w, https:\/\/hausarzt-wallisellen.ch\/wp-content\/uploads\/2025\/07\/Ferieninfo-Sommer--scaled.jpg 1810w\" sizes=\"(max-width: 724px) 100vw, 724px\" \/>\t\t\t\t\t\t\t\t<\/a>\n\t\t\t\t\t\t\t\t\t\t\t\t\t\t\t<\/div>\n\t\t\t\t<\/div>\n\t\t\t\t\t<\/div>\n\t\t\t\t<\/div>\n\t\t<div class=\"elementor-element elementor-element-9ac8d14 e-flex e-con-boxed e-con e-parent\" data-id=\"9ac8d14\" data-element_type=\"container\" data-e-type=\"container\">\n\t\t\t\t\t<div class=\"e-con-inner\">\n\t\t<div class=\"elementor-element elementor-element-ed6d595 e-con-full e-flex e-con e-child\" data-id=\"ed6d595\" data-element_type=\"container\" data-e-type=\"container\">\n\t\t\t\t<div class=\"elementor-element elementor-element-b120c38 elementor-widget__width-inherit elementor-widget elementor-widget-heading\" data-id=\"b120c38\" data-element_type=\"widget\" data-e-type=\"widget\" data-widget_type=\"heading.default\">\n\t\t\t\t<div class=\"elementor-widget-container\">\n\t\t\t\t\t<h2 class=\"elementor-heading-title elementor-size-default\">Unsere Angebote<\/h2>\t\t\t\t<\/div>\n\t\t\t\t<\/div>\n\t\t\t\t<div class=\"elementor-element elementor-element-2f36f0e elementor-icon-list--layout-traditional elementor-list-item-link-full_width elementor-widget elementor-widget-icon-list\" data-id=\"2f36f0e\" data-element_type=\"widget\" data-e-type=\"widget\" data-widget_type=\"icon-list.default\">\n\t\t\t\t<div class=\"elementor-widget-container\">\n\t\t\t\t\t\t\t<ul class=\"elementor-icon-list-items\">\n\t\t\t\t\t\t\t<li class=\"elementor-icon-list-item\">\n\t\t\t\t\t\t\t\t\t\t\t<span class=\"elementor-icon-list-icon\">\n\t\t\t\t\t\t\t<svg aria-hidden=\"true\" class=\"e-font-icon-svg e-fas-check\" viewBox=\"0 0 512 512\" xmlns=\"http:\/\/www.w3.org\/2000\/svg\"><path d=\"M173.898 439.404l-166.4-166.4c-9.997-9.997-9.997-26.206 0-36.204l36.203-36.204c9.997-9.998 26.207-9.998 36.204 0L192 312.69 432.095 72.596c9.997-9.997 26.207-9.997 36.204 0l36.203 36.204c9.997 9.997 9.997 26.206 0 36.204l-294.4 294.401c-9.998 9.997-26.207 9.997-36.204-.001z\"><\/path><\/svg>\t\t\t\t\t\t<\/span>\n\t\t\t\t\t\t\t\t\t\t<span class=\"elementor-icon-list-text\"><span class=\"headline-list\">Sprechstunden<\/span><br> Wir beraten und unterst\u00fctzen Sie gerne ausf\u00fchrlich und kompetent nach modernsten Erkenntnissen der evidenz-basierten Medizin.<\/span>\n\t\t\t\t\t\t\t\t\t<\/li>\n\t\t\t\t\t\t\t\t<li class=\"elementor-icon-list-item\">\n\t\t\t\t\t\t\t\t\t\t\t<span class=\"elementor-icon-list-icon\">\n\t\t\t\t\t\t\t<svg aria-hidden=\"true\" class=\"e-font-icon-svg e-fas-check\" viewBox=\"0 0 512 512\" xmlns=\"http:\/\/www.w3.org\/2000\/svg\"><path d=\"M173.898 439.404l-166.4-166.4c-9.997-9.997-9.997-26.206 0-36.204l36.203-36.204c9.997-9.998 26.207-9.998 36.204 0L192 312.69 432.095 72.596c9.997-9.997 26.207-9.997 36.204 0l36.203 36.204c9.997 9.997 9.997 26.206 0 36.204l-294.4 294.401c-9.998 9.997-26.207 9.997-36.204-.001z\"><\/path><\/svg>\t\t\t\t\t\t<\/span>\n\t\t\t\t\t\t\t\t\t\t<span class=\"elementor-icon-list-text\"><span class=\"headline-list\">Notf\u00e4lle und Hausbesuche<\/span><br>Wir stehen in Notf\u00e4llen zur Verf\u00fcgung und besuchen Sie bei Notwendigkeit nach telefonischer Vereinbarung auch zu Hause.<\/span>\n\t\t\t\t\t\t\t\t\t<\/li>\n\t\t\t\t\t\t\t\t<li class=\"elementor-icon-list-item\">\n\t\t\t\t\t\t\t\t\t\t\t<span class=\"elementor-icon-list-icon\">\n\t\t\t\t\t\t\t<svg aria-hidden=\"true\" class=\"e-font-icon-svg e-fas-check\" viewBox=\"0 0 512 512\" xmlns=\"http:\/\/www.w3.org\/2000\/svg\"><path d=\"M173.898 439.404l-166.4-166.4c-9.997-9.997-9.997-26.206 0-36.204l36.203-36.204c9.997-9.998 26.207-9.998 36.204 0L192 312.69 432.095 72.596c9.997-9.997 26.207-9.997 36.204 0l36.203 36.204c9.997 9.997 9.997 26.206 0 36.204l-294.4 294.401c-9.998 9.997-26.207 9.997-36.204-.001z\"><\/path><\/svg>\t\t\t\t\t\t<\/span>\n\t\t\t\t\t\t\t\t\t\t<span class=\"elementor-icon-list-text\"><span class=\"headline-list\">Pr\u00e4vention, Beratungen und Therapien<\/span><br>Wir bieten eine umfassende Gesundheitsvorsorge mit entsprechenden Beratungen und Behandlungen an, damit Sie gesund bleiben.<\/span>\n\t\t\t\t\t\t\t\t\t<\/li>\n\t\t\t\t\t\t\t\t<li class=\"elementor-icon-list-item\">\n\t\t\t\t\t\t\t\t\t\t\t<span class=\"elementor-icon-list-icon\">\n\t\t\t\t\t\t\t<svg aria-hidden=\"true\" class=\"e-font-icon-svg e-fas-check\" viewBox=\"0 0 512 512\" xmlns=\"http:\/\/www.w3.org\/2000\/svg\"><path d=\"M173.898 439.404l-166.4-166.4c-9.997-9.997-9.997-26.206 0-36.204l36.203-36.204c9.997-9.998 26.207-9.998 36.204 0L192 312.69 432.095 72.596c9.997-9.997 26.207-9.997 36.204 0l36.203 36.204c9.997 9.997 9.997 26.206 0 36.204l-294.4 294.401c-9.998 9.997-26.207 9.997-36.204-.001z\"><\/path><\/svg>\t\t\t\t\t\t<\/span>\n\t\t\t\t\t\t\t\t\t\t<span class=\"elementor-icon-list-text\"><span class=\"headline-list\">Apparative Untersuchungen<\/span><br>Durch moderne Ger\u00e4te k\u00f6nnen wir Ihnen dank genauer Diagnostik gezielt weiterhelfen.<\/span>\n\t\t\t\t\t\t\t\t\t<\/li>\n\t\t\t\t\t\t<\/ul>\n\t\t\t\t\t\t<\/div>\n\t\t\t\t<\/div>\n\t\t\t\t<div class=\"elementor-element elementor-element-e0f10cf elementor-widget elementor-widget-button\" data-id=\"e0f10cf\" data-element_type=\"widget\" data-e-type=\"widget\" data-widget_type=\"button.default\">\n\t\t\t\t<div class=\"elementor-widget-container\">\n\t\t\t\t\t\t\t\t\t<div class=\"elementor-button-wrapper\">\n\t\t\t\t\t<a class=\"elementor-button elementor-button-link elementor-size-sm\" href=\"https:\/\/hausarzt-wallisellen.ch\/kontakt-lageplan\/\">\n\t\t\t\t\t\t<span class=\"elementor-button-content-wrapper\">\n\t\t\t\t\t\t\t\t\t<span class=\"elementor-button-text\">Kontakt<\/span>\n\t\t\t\t\t<\/span>\n\t\t\t\t\t<\/a>\n\t\t\t\t<\/div>\n\t\t\t\t\t\t\t\t<\/div>\n\t\t\t\t<\/div>\n\t\t\t\t<\/div>\n\t\t<div class=\"elementor-element elementor-element-acf63ec e-con-full e-flex e-con e-child\" data-id=\"acf63ec\" data-element_type=\"container\" data-e-type=\"container\">\n\t\t\t\t<div class=\"elementor-element elementor-element-029c429 elementor-widget elementor-widget-image\" data-id=\"029c429\" data-element_type=\"widget\" data-e-type=\"widget\" data-widget_type=\"image.default\">\n\t\t\t\t<div class=\"elementor-widget-container\">\n\t\t\t\t\t\t\t\t\t\t\t\t\t\t\t<img decoding=\"async\" width=\"800\" height=\"534\" src=\"https:\/\/hausarzt-wallisellen.ch\/wp-content\/uploads\/2023\/11\/Sprechzimmer_mit_Dr_Frey-1024x683.jpg\" class=\"attachment-large size-large wp-image-1162\" alt=\"\" srcset=\"https:\/\/hausarzt-wallisellen.ch\/wp-content\/uploads\/2023\/11\/Sprechzimmer_mit_Dr_Frey-1024x683.jpg 1024w, https:\/\/hausarzt-wallisellen.ch\/wp-content\/uploads\/2023\/11\/Sprechzimmer_mit_Dr_Frey-300x200.jpg 300w, https:\/\/hausarzt-wallisellen.ch\/wp-content\/uploads\/2023\/11\/Sprechzimmer_mit_Dr_Frey-768x512.jpg 768w, https:\/\/hausarzt-wallisellen.ch\/wp-content\/uploads\/2023\/11\/Sprechzimmer_mit_Dr_Frey-18x12.jpg 18w, https:\/\/hausarzt-wallisellen.ch\/wp-content\/uploads\/2023\/11\/Sprechzimmer_mit_Dr_Frey.jpg 1400w\" sizes=\"(max-width: 800px) 100vw, 800px\" \/>\t\t\t\t\t\t\t\t\t\t\t\t\t\t\t<\/div>\n\t\t\t\t<\/div>\n\t\t\t\t<\/div>\n\t\t\t\t\t<\/div>\n\t\t\t\t<\/div>\n\t\t<div class=\"elementor-element elementor-element-44fedd0 e-flex e-con-boxed e-con e-parent\" data-id=\"44fedd0\" data-element_type=\"container\" data-e-type=\"container\">\n\t\t\t\t\t<div class=\"e-con-inner\">\n\t\t\t\t<div class=\"elementor-element elementor-element-d2765c8 elementor-widget__width-inherit elementor-widget elementor-widget-heading\" data-id=\"d2765c8\" data-element_type=\"widget\" data-e-type=\"widget\" data-widget_type=\"heading.default\">\n\t\t\t\t<div class=\"elementor-widget-container\">\n\t\t\t\t\t<h2 class=\"elementor-heading-title elementor-size-default\">Unser Team<\/h2>\t\t\t\t<\/div>\n\t\t\t\t<\/div>\n\t\t\t\t<div class=\"elementor-element elementor-element-5142e4b elementor-widget elementor-widget-jet-listing-grid\" data-id=\"5142e4b\" data-element_type=\"widget\" data-e-type=\"widget\" data-settings=\"{&quot;columns&quot;:&quot;3&quot;,&quot;columns_tablet&quot;:&quot;2&quot;,&quot;columns_mobile&quot;:&quot;1&quot;}\" data-widget_type=\"jet-listing-grid.default\">\n\t\t\t\t<div class=\"elementor-widget-container\">\n\t\t\t\t\t<div class=\"jet-listing-grid jet-listing\"><div class=\"jet-listing-grid__items grid-col-desk-3 grid-col-tablet-2 grid-col-mobile-1 jet-listing-grid--986 jet-equal-columns__wrapper\" data-queried-id=\"2|WP_Post\" data-cct-slug=\"team\" data-nav=\"{&quot;enabled&quot;:false,&quot;type&quot;:null,&quot;more_el&quot;:null,&quot;query&quot;:[],&quot;widget_settings&quot;:{&quot;lisitng_id&quot;:986,&quot;posts_num&quot;:12,&quot;columns&quot;:3,&quot;columns_tablet&quot;:2,&quot;columns_mobile&quot;:1,&quot;column_min_width&quot;:240,&quot;column_min_width_tablet&quot;:240,&quot;column_min_width_mobile&quot;:240,&quot;inline_columns_css&quot;:false,&quot;is_archive_template&quot;:&quot;&quot;,&quot;post_status&quot;:[&quot;publish&quot;],&quot;use_random_posts_num&quot;:&quot;&quot;,&quot;max_posts_num&quot;:9,&quot;not_found_message&quot;:&quot;Keine Inhalte gefunden&quot;,&quot;is_masonry&quot;:false,&quot;equal_columns_height&quot;:&quot;yes&quot;,&quot;use_load_more&quot;:&quot;&quot;,&quot;load_more_id&quot;:&quot;&quot;,&quot;load_more_type&quot;:&quot;click&quot;,&quot;load_more_offset&quot;:null,&quot;use_custom_post_types&quot;:&quot;&quot;,&quot;custom_post_types&quot;:[],&quot;hide_widget_if&quot;:&quot;&quot;,&quot;carousel_enabled&quot;:&quot;&quot;,&quot;slides_to_scroll&quot;:&quot;1&quot;,&quot;arrows&quot;:&quot;true&quot;,&quot;arrow_icon&quot;:&quot;fa fa-angle-left&quot;,&quot;dots&quot;:&quot;&quot;,&quot;autoplay&quot;:&quot;true&quot;,&quot;pause_on_hover&quot;:&quot;true&quot;,&quot;autoplay_speed&quot;:5000,&quot;infinite&quot;:&quot;true&quot;,&quot;center_mode&quot;:&quot;&quot;,&quot;effect&quot;:&quot;slide&quot;,&quot;speed&quot;:500,&quot;inject_alternative_items&quot;:&quot;&quot;,&quot;injection_items&quot;:[],&quot;scroll_slider_enabled&quot;:&quot;&quot;,&quot;scroll_slider_on&quot;:[&quot;desktop&quot;,&quot;tablet&quot;,&quot;mobile&quot;],&quot;custom_query&quot;:false,&quot;custom_query_id&quot;:&quot;&quot;,&quot;_element_id&quot;:&quot;&quot;,&quot;collapse_first_last_gap&quot;:false,&quot;list_tag_selection&quot;:&quot;&quot;,&quot;list_items_wrapper_tag&quot;:&quot;div&quot;,&quot;list_item_tag&quot;:&quot;div&quot;,&quot;empty_items_wrapper_tag&quot;:&quot;div&quot;}}\" data-page=\"1\" data-pages=\"1\" data-listing-source=\"custom_content_type\" data-listing-id=\"986\" data-query-id=\"\"><div class=\"jet-listing-grid__item jet-listing-dynamic-post-1 jet-equal-columns\" data-post-id=\"1\"  >\t\t<div data-elementor-type=\"jet-listing-items\" data-elementor-id=\"986\" class=\"elementor elementor-986\" data-elementor-post-type=\"jet-engine\">\n\t\t\t\t<div class=\"elementor-element elementor-element-e581fb3 e-con-full e-flex e-con e-parent\" data-id=\"e581fb3\" data-element_type=\"container\" data-e-type=\"container\" data-settings=\"{&quot;background_background&quot;:&quot;classic&quot;}\">\n\t\t\t\t<div class=\"elementor-element elementor-element-93c5431 elementor-widget elementor-widget-image\" data-id=\"93c5431\" data-element_type=\"widget\" data-e-type=\"widget\" data-widget_type=\"image.default\">\n\t\t\t\t<div class=\"elementor-widget-container\">\n\t\t\t\t\t\t\t\t\t\t\t\t\t\t\t<img loading=\"lazy\" decoding=\"async\" width=\"682\" height=\"1024\" src=\"https:\/\/hausarzt-wallisellen.ch\/wp-content\/uploads\/2023\/11\/Dr-Frey-Foto-682x1024.jpg\" class=\"attachment-large size-large wp-image-1156\" alt=\"\" srcset=\"https:\/\/hausarzt-wallisellen.ch\/wp-content\/uploads\/2023\/11\/Dr-Frey-Foto-682x1024.jpg 682w, https:\/\/hausarzt-wallisellen.ch\/wp-content\/uploads\/2023\/11\/Dr-Frey-Foto-200x300.jpg 200w, https:\/\/hausarzt-wallisellen.ch\/wp-content\/uploads\/2023\/11\/Dr-Frey-Foto-768x1153.jpg 768w, https:\/\/hausarzt-wallisellen.ch\/wp-content\/uploads\/2023\/11\/Dr-Frey-Foto-1023x1536.jpg 1023w, https:\/\/hausarzt-wallisellen.ch\/wp-content\/uploads\/2023\/11\/Dr-Frey-Foto-8x12.jpg 8w, https:\/\/hausarzt-wallisellen.ch\/wp-content\/uploads\/2023\/11\/Dr-Frey-Foto.jpg 1066w\" sizes=\"(max-width: 682px) 100vw, 682px\" \/>\t\t\t\t\t\t\t\t\t\t\t\t\t\t\t<\/div>\n\t\t\t\t<\/div>\n\t\t\t\t<div class=\"elementor-element elementor-element-dca0dc1 elementor-widget elementor-widget-heading\" data-id=\"dca0dc1\" data-element_type=\"widget\" data-e-type=\"widget\" data-widget_type=\"heading.default\">\n\t\t\t\t<div class=\"elementor-widget-container\">\n\t\t\t\t\t<h3 class=\"elementor-heading-title elementor-size-default\">Dr. med. Markus Frey<\/h3>\t\t\t\t<\/div>\n\t\t\t\t<\/div>\n\t\t\t\t<div class=\"elementor-element elementor-element-67a3eee elementor-widget elementor-widget-heading\" data-id=\"67a3eee\" data-element_type=\"widget\" data-e-type=\"widget\" data-widget_type=\"heading.default\">\n\t\t\t\t<div class=\"elementor-widget-container\">\n\t\t\t\t\t<p class=\"elementor-heading-title elementor-size-default\">Arzt<\/p>\t\t\t\t<\/div>\n\t\t\t\t<\/div>\n\t\t\t\t<div class=\"elementor-element elementor-element-6be20d5 jedv-enabled--yes elementor-widget elementor-widget-heading\" data-id=\"6be20d5\" data-element_type=\"widget\" data-e-type=\"widget\" data-widget_type=\"heading.default\">\n\t\t\t\t<div class=\"elementor-widget-container\">\n\t\t\t\t\t<p class=\"elementor-heading-title elementor-size-default\"><a href=\"https:\/\/hausarzt-wallisellen.ch\/praxisteam\/dr-med-markus-frey\/\">Zum Werdegang<\/a><\/p>\t\t\t\t<\/div>\n\t\t\t\t<\/div>\n\t\t\t\t<\/div>\n\t\t\t\t<\/div>\n\t\t<\/div><div class=\"jet-listing-grid__item jet-listing-dynamic-post-10 jet-equal-columns\" data-post-id=\"10\"  >\t\t<div data-elementor-type=\"jet-listing-items\" data-elementor-id=\"986\" class=\"elementor elementor-986\" data-elementor-post-type=\"jet-engine\">\n\t\t\t\t<div class=\"elementor-element elementor-element-e581fb3 e-con-full e-flex e-con e-parent\" data-id=\"e581fb3\" data-element_type=\"container\" data-e-type=\"container\" data-settings=\"{&quot;background_background&quot;:&quot;classic&quot;}\">\n\t\t\t\t<div class=\"elementor-element elementor-element-93c5431 elementor-widget elementor-widget-image\" data-id=\"93c5431\" data-element_type=\"widget\" data-e-type=\"widget\" data-widget_type=\"image.default\">\n\t\t\t\t<div class=\"elementor-widget-container\">\n\t\t\t\t\t\t\t\t\t\t\t\t\t\t\t<img loading=\"lazy\" decoding=\"async\" width=\"427\" height=\"640\" src=\"https:\/\/hausarzt-wallisellen.ch\/wp-content\/uploads\/2025\/10\/shoot_0075.jpeg\" class=\"attachment-large size-large wp-image-1490\" alt=\"\" srcset=\"https:\/\/hausarzt-wallisellen.ch\/wp-content\/uploads\/2025\/10\/shoot_0075.jpeg 427w, https:\/\/hausarzt-wallisellen.ch\/wp-content\/uploads\/2025\/10\/shoot_0075-200x300.jpeg 200w, https:\/\/hausarzt-wallisellen.ch\/wp-content\/uploads\/2025\/10\/shoot_0075-8x12.jpeg 8w\" sizes=\"(max-width: 427px) 100vw, 427px\" \/>\t\t\t\t\t\t\t\t\t\t\t\t\t\t\t<\/div>\n\t\t\t\t<\/div>\n\t\t\t\t<div class=\"elementor-element elementor-element-dca0dc1 elementor-widget elementor-widget-heading\" data-id=\"dca0dc1\" data-element_type=\"widget\" data-e-type=\"widget\" data-widget_type=\"heading.default\">\n\t\t\t\t<div class=\"elementor-widget-container\">\n\t\t\t\t\t<h3 class=\"elementor-heading-title elementor-size-default\">Dipl. med. Christoph Schaub<\/h3>\t\t\t\t<\/div>\n\t\t\t\t<\/div>\n\t\t\t\t<div class=\"elementor-element elementor-element-67a3eee elementor-widget elementor-widget-heading\" data-id=\"67a3eee\" data-element_type=\"widget\" data-e-type=\"widget\" data-widget_type=\"heading.default\">\n\t\t\t\t<div class=\"elementor-widget-container\">\n\t\t\t\t\t<p class=\"elementor-heading-title elementor-size-default\">Arzt<\/p>\t\t\t\t<\/div>\n\t\t\t\t<\/div>\n\t\t\t\t<div class=\"elementor-element elementor-element-6be20d5 jedv-enabled--yes elementor-widget elementor-widget-heading\" data-id=\"6be20d5\" data-element_type=\"widget\" data-e-type=\"widget\" data-widget_type=\"heading.default\">\n\t\t\t\t<div class=\"elementor-widget-container\">\n\t\t\t\t\t<p class=\"elementor-heading-title elementor-size-default\"><a href=\"https:\/\/hausarzt-wallisellen.ch\/dipl-med-christoph-schaub\/\">Zum Werdegang<\/a><\/p>\t\t\t\t<\/div>\n\t\t\t\t<\/div>\n\t\t\t\t<\/div>\n\t\t\t\t<\/div>\n\t\t<\/div><div class=\"jet-listing-grid__item jet-listing-dynamic-post-7 jet-equal-columns\" data-post-id=\"7\"  >\t\t<div data-elementor-type=\"jet-listing-items\" data-elementor-id=\"986\" class=\"elementor elementor-986\" data-elementor-post-type=\"jet-engine\">\n\t\t\t\t<div class=\"elementor-element elementor-element-e581fb3 e-con-full e-flex e-con e-parent\" data-id=\"e581fb3\" data-element_type=\"container\" data-e-type=\"container\" data-settings=\"{&quot;background_background&quot;:&quot;classic&quot;}\">\n\t\t\t\t<div class=\"elementor-element elementor-element-93c5431 elementor-widget elementor-widget-image\" data-id=\"93c5431\" data-element_type=\"widget\" data-e-type=\"widget\" data-widget_type=\"image.default\">\n\t\t\t\t<div class=\"elementor-widget-container\">\n\t\t\t\t\t\t\t\t\t\t\t\t\t\t\t<img loading=\"lazy\" decoding=\"async\" width=\"427\" height=\"640\" src=\"https:\/\/hausarzt-wallisellen.ch\/wp-content\/uploads\/2026\/04\/shot_0042.jpeg\" class=\"attachment-large size-large wp-image-1524\" alt=\"\" srcset=\"https:\/\/hausarzt-wallisellen.ch\/wp-content\/uploads\/2026\/04\/shot_0042.jpeg 427w, https:\/\/hausarzt-wallisellen.ch\/wp-content\/uploads\/2026\/04\/shot_0042-200x300.jpeg 200w, https:\/\/hausarzt-wallisellen.ch\/wp-content\/uploads\/2026\/04\/shot_0042-8x12.jpeg 8w\" sizes=\"(max-width: 427px) 100vw, 427px\" \/>\t\t\t\t\t\t\t\t\t\t\t\t\t\t\t<\/div>\n\t\t\t\t<\/div>\n\t\t\t\t<div class=\"elementor-element elementor-element-dca0dc1 elementor-widget elementor-widget-heading\" data-id=\"dca0dc1\" data-element_type=\"widget\" data-e-type=\"widget\" data-widget_type=\"heading.default\">\n\t\t\t\t<div class=\"elementor-widget-container\">\n\t\t\t\t\t<h3 class=\"elementor-heading-title elementor-size-default\">Dr. med Franca Grischott<\/h3>\t\t\t\t<\/div>\n\t\t\t\t<\/div>\n\t\t\t\t<div class=\"elementor-element elementor-element-67a3eee elementor-widget elementor-widget-heading\" data-id=\"67a3eee\" data-element_type=\"widget\" data-e-type=\"widget\" data-widget_type=\"heading.default\">\n\t\t\t\t<div class=\"elementor-widget-container\">\n\t\t\t\t\t<p class=\"elementor-heading-title elementor-size-default\">\u00c4rztin<\/p>\t\t\t\t<\/div>\n\t\t\t\t<\/div>\n\t\t\t\t<\/div>\n\t\t\t\t<\/div>\n\t\t<\/div><div class=\"jet-listing-grid__item jet-listing-dynamic-post-4 jet-equal-columns\" data-post-id=\"4\"  >\t\t<div data-elementor-type=\"jet-listing-items\" data-elementor-id=\"986\" class=\"elementor elementor-986\" data-elementor-post-type=\"jet-engine\">\n\t\t\t\t<div class=\"elementor-element elementor-element-e581fb3 e-con-full e-flex e-con e-parent\" data-id=\"e581fb3\" data-element_type=\"container\" data-e-type=\"container\" data-settings=\"{&quot;background_background&quot;:&quot;classic&quot;}\">\n\t\t\t\t<div class=\"elementor-element elementor-element-93c5431 elementor-widget elementor-widget-image\" data-id=\"93c5431\" data-element_type=\"widget\" data-e-type=\"widget\" data-widget_type=\"image.default\">\n\t\t\t\t<div class=\"elementor-widget-container\">\n\t\t\t\t\t\t\t\t\t\t\t\t\t\t\t<img loading=\"lazy\" decoding=\"async\" width=\"683\" height=\"1024\" src=\"https:\/\/hausarzt-wallisellen.ch\/wp-content\/uploads\/2023\/10\/Sandra-Kaelin-683x1024.jpg\" class=\"attachment-large size-large wp-image-983\" alt=\"\" srcset=\"https:\/\/hausarzt-wallisellen.ch\/wp-content\/uploads\/2023\/10\/Sandra-Kaelin-683x1024.jpg 683w, https:\/\/hausarzt-wallisellen.ch\/wp-content\/uploads\/2023\/10\/Sandra-Kaelin-200x300.jpg 200w, https:\/\/hausarzt-wallisellen.ch\/wp-content\/uploads\/2023\/10\/Sandra-Kaelin-768x1152.jpg 768w, https:\/\/hausarzt-wallisellen.ch\/wp-content\/uploads\/2023\/10\/Sandra-Kaelin-1024x1536.jpg 1024w, https:\/\/hausarzt-wallisellen.ch\/wp-content\/uploads\/2023\/10\/Sandra-Kaelin-1366x2048.jpg 1366w, https:\/\/hausarzt-wallisellen.ch\/wp-content\/uploads\/2023\/10\/Sandra-Kaelin-scaled.jpg 1707w\" sizes=\"(max-width: 683px) 100vw, 683px\" \/>\t\t\t\t\t\t\t\t\t\t\t\t\t\t\t<\/div>\n\t\t\t\t<\/div>\n\t\t\t\t<div class=\"elementor-element elementor-element-dca0dc1 elementor-widget elementor-widget-heading\" data-id=\"dca0dc1\" data-element_type=\"widget\" data-e-type=\"widget\" data-widget_type=\"heading.default\">\n\t\t\t\t<div class=\"elementor-widget-container\">\n\t\t\t\t\t<h3 class=\"elementor-heading-title elementor-size-default\">Sandra K\u00e4lin<\/h3>\t\t\t\t<\/div>\n\t\t\t\t<\/div>\n\t\t\t\t<div class=\"elementor-element elementor-element-67a3eee elementor-widget elementor-widget-heading\" data-id=\"67a3eee\" data-element_type=\"widget\" data-e-type=\"widget\" data-widget_type=\"heading.default\">\n\t\t\t\t<div class=\"elementor-widget-container\">\n\t\t\t\t\t<p class=\"elementor-heading-title elementor-size-default\">Med. Praxisassistentin<\/p>\t\t\t\t<\/div>\n\t\t\t\t<\/div>\n\t\t\t\t<\/div>\n\t\t\t\t<\/div>\n\t\t<\/div><div class=\"jet-listing-grid__item jet-listing-dynamic-post-8 jet-equal-columns\" data-post-id=\"8\"  >\t\t<div data-elementor-type=\"jet-listing-items\" data-elementor-id=\"986\" class=\"elementor elementor-986\" data-elementor-post-type=\"jet-engine\">\n\t\t\t\t<div class=\"elementor-element elementor-element-e581fb3 e-con-full e-flex e-con e-parent\" data-id=\"e581fb3\" data-element_type=\"container\" data-e-type=\"container\" data-settings=\"{&quot;background_background&quot;:&quot;classic&quot;}\">\n\t\t\t\t<div class=\"elementor-element elementor-element-93c5431 elementor-widget elementor-widget-image\" data-id=\"93c5431\" data-element_type=\"widget\" data-e-type=\"widget\" data-widget_type=\"image.default\">\n\t\t\t\t<div class=\"elementor-widget-container\">\n\t\t\t\t\t\t\t\t\t\t\t\t\t\t\t<img loading=\"lazy\" decoding=\"async\" width=\"417\" height=\"427\" src=\"https:\/\/hausarzt-wallisellen.ch\/wp-content\/uploads\/2025\/07\/shoot_0013-e1752529807942.jpeg\" class=\"attachment-large size-large wp-image-1486\" alt=\"\" srcset=\"https:\/\/hausarzt-wallisellen.ch\/wp-content\/uploads\/2025\/07\/shoot_0013-e1752529807942.jpeg 417w, https:\/\/hausarzt-wallisellen.ch\/wp-content\/uploads\/2025\/07\/shoot_0013-e1752529807942-293x300.jpeg 293w, https:\/\/hausarzt-wallisellen.ch\/wp-content\/uploads\/2025\/07\/shoot_0013-e1752529807942-12x12.jpeg 12w\" sizes=\"(max-width: 417px) 100vw, 417px\" \/>\t\t\t\t\t\t\t\t\t\t\t\t\t\t\t<\/div>\n\t\t\t\t<\/div>\n\t\t\t\t<div class=\"elementor-element elementor-element-dca0dc1 elementor-widget elementor-widget-heading\" data-id=\"dca0dc1\" data-element_type=\"widget\" data-e-type=\"widget\" data-widget_type=\"heading.default\">\n\t\t\t\t<div class=\"elementor-widget-container\">\n\t\t\t\t\t<h3 class=\"elementor-heading-title elementor-size-default\">Anja Studer<\/h3>\t\t\t\t<\/div>\n\t\t\t\t<\/div>\n\t\t\t\t<div class=\"elementor-element elementor-element-67a3eee elementor-widget elementor-widget-heading\" data-id=\"67a3eee\" data-element_type=\"widget\" data-e-type=\"widget\" data-widget_type=\"heading.default\">\n\t\t\t\t<div class=\"elementor-widget-container\">\n\t\t\t\t\t<p class=\"elementor-heading-title elementor-size-default\">Med. Praxisassistentin<\/p>\t\t\t\t<\/div>\n\t\t\t\t<\/div>\n\t\t\t\t<\/div>\n\t\t\t\t<\/div>\n\t\t<\/div><div class=\"jet-listing-grid__item jet-listing-dynamic-post-12 jet-equal-columns\" data-post-id=\"12\"  >\t\t<div data-elementor-type=\"jet-listing-items\" data-elementor-id=\"986\" class=\"elementor elementor-986\" data-elementor-post-type=\"jet-engine\">\n\t\t\t\t<div class=\"elementor-element elementor-element-e581fb3 e-con-full e-flex e-con e-parent\" data-id=\"e581fb3\" data-element_type=\"container\" data-e-type=\"container\" data-settings=\"{&quot;background_background&quot;:&quot;classic&quot;}\">\n\t\t\t\t<div class=\"elementor-element elementor-element-93c5431 elementor-widget elementor-widget-image\" data-id=\"93c5431\" data-element_type=\"widget\" data-e-type=\"widget\" data-widget_type=\"image.default\">\n\t\t\t\t<div class=\"elementor-widget-container\">\n\t\t\t\t\t\t\t\t\t\t\t\t\t\t\t<img loading=\"lazy\" decoding=\"async\" width=\"427\" height=\"530\" src=\"https:\/\/hausarzt-wallisellen.ch\/wp-content\/uploads\/2026\/03\/shot_0082-e1773746748390.jpeg\" class=\"attachment-large size-large wp-image-1521\" alt=\"\" srcset=\"https:\/\/hausarzt-wallisellen.ch\/wp-content\/uploads\/2026\/03\/shot_0082-e1773746748390.jpeg 427w, https:\/\/hausarzt-wallisellen.ch\/wp-content\/uploads\/2026\/03\/shot_0082-e1773746748390-242x300.jpeg 242w, https:\/\/hausarzt-wallisellen.ch\/wp-content\/uploads\/2026\/03\/shot_0082-e1773746748390-10x12.jpeg 10w\" sizes=\"(max-width: 427px) 100vw, 427px\" \/>\t\t\t\t\t\t\t\t\t\t\t\t\t\t\t<\/div>\n\t\t\t\t<\/div>\n\t\t\t\t<div class=\"elementor-element elementor-element-dca0dc1 elementor-widget elementor-widget-heading\" data-id=\"dca0dc1\" data-element_type=\"widget\" data-e-type=\"widget\" data-widget_type=\"heading.default\">\n\t\t\t\t<div class=\"elementor-widget-container\">\n\t\t\t\t\t<h3 class=\"elementor-heading-title elementor-size-default\">Brindha Sivakumar<\/h3>\t\t\t\t<\/div>\n\t\t\t\t<\/div>\n\t\t\t\t<div class=\"elementor-element elementor-element-67a3eee elementor-widget elementor-widget-heading\" data-id=\"67a3eee\" data-element_type=\"widget\" data-e-type=\"widget\" data-widget_type=\"heading.default\">\n\t\t\t\t<div class=\"elementor-widget-container\">\n\t\t\t\t\t<p class=\"elementor-heading-title elementor-size-default\">Med. Praxisassistentin<\/p>\t\t\t\t<\/div>\n\t\t\t\t<\/div>\n\t\t\t\t<\/div>\n\t\t\t\t<\/div>\n\t\t<\/div><div class=\"jet-listing-grid__item jet-listing-dynamic-post-2 jet-equal-columns\" data-post-id=\"2\"  >\t\t<div data-elementor-type=\"jet-listing-items\" data-elementor-id=\"986\" class=\"elementor elementor-986\" data-elementor-post-type=\"jet-engine\">\n\t\t\t\t<div class=\"elementor-element elementor-element-e581fb3 e-con-full e-flex e-con e-parent\" data-id=\"e581fb3\" data-element_type=\"container\" data-e-type=\"container\" data-settings=\"{&quot;background_background&quot;:&quot;classic&quot;}\">\n\t\t\t\t<div class=\"elementor-element elementor-element-93c5431 elementor-widget elementor-widget-image\" data-id=\"93c5431\" data-element_type=\"widget\" data-e-type=\"widget\" data-widget_type=\"image.default\">\n\t\t\t\t<div class=\"elementor-widget-container\">\n\t\t\t\t\t\t\t\t\t\t\t\t\t\t\t<img loading=\"lazy\" decoding=\"async\" width=\"682\" height=\"1024\" src=\"https:\/\/hausarzt-wallisellen.ch\/wp-content\/uploads\/2023\/11\/Jasmin-Frey-Foto-682x1024.jpg\" class=\"attachment-large size-large wp-image-1157\" alt=\"\" srcset=\"https:\/\/hausarzt-wallisellen.ch\/wp-content\/uploads\/2023\/11\/Jasmin-Frey-Foto-682x1024.jpg 682w, https:\/\/hausarzt-wallisellen.ch\/wp-content\/uploads\/2023\/11\/Jasmin-Frey-Foto-200x300.jpg 200w, https:\/\/hausarzt-wallisellen.ch\/wp-content\/uploads\/2023\/11\/Jasmin-Frey-Foto-768x1153.jpg 768w, https:\/\/hausarzt-wallisellen.ch\/wp-content\/uploads\/2023\/11\/Jasmin-Frey-Foto-1023x1536.jpg 1023w, https:\/\/hausarzt-wallisellen.ch\/wp-content\/uploads\/2023\/11\/Jasmin-Frey-Foto-8x12.jpg 8w, https:\/\/hausarzt-wallisellen.ch\/wp-content\/uploads\/2023\/11\/Jasmin-Frey-Foto.jpg 1066w\" sizes=\"(max-width: 682px) 100vw, 682px\" \/>\t\t\t\t\t\t\t\t\t\t\t\t\t\t\t<\/div>\n\t\t\t\t<\/div>\n\t\t\t\t<div class=\"elementor-element elementor-element-dca0dc1 elementor-widget elementor-widget-heading\" data-id=\"dca0dc1\" data-element_type=\"widget\" data-e-type=\"widget\" data-widget_type=\"heading.default\">\n\t\t\t\t<div class=\"elementor-widget-container\">\n\t\t\t\t\t<h3 class=\"elementor-heading-title elementor-size-default\">Jasmin Frey<\/h3>\t\t\t\t<\/div>\n\t\t\t\t<\/div>\n\t\t\t\t<div class=\"elementor-element elementor-element-67a3eee elementor-widget elementor-widget-heading\" data-id=\"67a3eee\" data-element_type=\"widget\" data-e-type=\"widget\" data-widget_type=\"heading.default\">\n\t\t\t\t<div class=\"elementor-widget-container\">\n\t\t\t\t\t<p class=\"elementor-heading-title elementor-size-default\">Leitung Backoffice<\/p>\t\t\t\t<\/div>\n\t\t\t\t<\/div>\n\t\t\t\t<\/div>\n\t\t\t\t<\/div>\n\t\t<\/div><div class=\"jet-listing-grid__item jet-listing-dynamic-post-5 jet-equal-columns\" data-post-id=\"5\"  >\t\t<div data-elementor-type=\"jet-listing-items\" data-elementor-id=\"986\" class=\"elementor elementor-986\" data-elementor-post-type=\"jet-engine\">\n\t\t\t\t<div class=\"elementor-element elementor-element-e581fb3 e-con-full e-flex e-con e-parent\" data-id=\"e581fb3\" data-element_type=\"container\" data-e-type=\"container\" data-settings=\"{&quot;background_background&quot;:&quot;classic&quot;}\">\n\t\t\t\t<div class=\"elementor-element elementor-element-93c5431 elementor-widget elementor-widget-image\" data-id=\"93c5431\" data-element_type=\"widget\" data-e-type=\"widget\" data-widget_type=\"image.default\">\n\t\t\t\t<div class=\"elementor-widget-container\">\n\t\t\t\t\t\t\t\t\t\t\t\t\t\t\t<img loading=\"lazy\" decoding=\"async\" width=\"683\" height=\"1024\" src=\"https:\/\/hausarzt-wallisellen.ch\/wp-content\/uploads\/2023\/10\/Jovana-Vesic-683x1024.jpg\" class=\"attachment-large size-large wp-image-984\" alt=\"\" srcset=\"https:\/\/hausarzt-wallisellen.ch\/wp-content\/uploads\/2023\/10\/Jovana-Vesic-683x1024.jpg 683w, https:\/\/hausarzt-wallisellen.ch\/wp-content\/uploads\/2023\/10\/Jovana-Vesic-200x300.jpg 200w, https:\/\/hausarzt-wallisellen.ch\/wp-content\/uploads\/2023\/10\/Jovana-Vesic-768x1152.jpg 768w, https:\/\/hausarzt-wallisellen.ch\/wp-content\/uploads\/2023\/10\/Jovana-Vesic-1024x1536.jpg 1024w, https:\/\/hausarzt-wallisellen.ch\/wp-content\/uploads\/2023\/10\/Jovana-Vesic.jpg 1175w\" sizes=\"(max-width: 683px) 100vw, 683px\" \/>\t\t\t\t\t\t\t\t\t\t\t\t\t\t\t<\/div>\n\t\t\t\t<\/div>\n\t\t\t\t<div class=\"elementor-element elementor-element-dca0dc1 elementor-widget elementor-widget-heading\" data-id=\"dca0dc1\" data-element_type=\"widget\" data-e-type=\"widget\" data-widget_type=\"heading.default\">\n\t\t\t\t<div class=\"elementor-widget-container\">\n\t\t\t\t\t<h3 class=\"elementor-heading-title elementor-size-default\">Jovana Vesic<\/h3>\t\t\t\t<\/div>\n\t\t\t\t<\/div>\n\t\t\t\t<div class=\"elementor-element elementor-element-67a3eee elementor-widget elementor-widget-heading\" data-id=\"67a3eee\" data-element_type=\"widget\" data-e-type=\"widget\" data-widget_type=\"heading.default\">\n\t\t\t\t<div class=\"elementor-widget-container\">\n\t\t\t\t\t<p class=\"elementor-heading-title elementor-size-default\">Lernende Med. Praxisassistentin<\/p>\t\t\t\t<\/div>\n\t\t\t\t<\/div>\n\t\t\t\t<\/div>\n\t\t\t\t<\/div>\n\t\t<\/div><div class=\"jet-listing-grid__item jet-listing-dynamic-post-9 jet-equal-columns\" data-post-id=\"9\"  >\t\t<div data-elementor-type=\"jet-listing-items\" data-elementor-id=\"986\" class=\"elementor elementor-986\" data-elementor-post-type=\"jet-engine\">\n\t\t\t\t<div class=\"elementor-element elementor-element-e581fb3 e-con-full e-flex e-con e-parent\" data-id=\"e581fb3\" data-element_type=\"container\" data-e-type=\"container\" data-settings=\"{&quot;background_background&quot;:&quot;classic&quot;}\">\n\t\t\t\t<div class=\"elementor-element elementor-element-93c5431 elementor-widget elementor-widget-image\" data-id=\"93c5431\" data-element_type=\"widget\" data-e-type=\"widget\" data-widget_type=\"image.default\">\n\t\t\t\t<div class=\"elementor-widget-container\">\n\t\t\t\t\t\t\t\t\t\t\t\t\t\t\t<img loading=\"lazy\" decoding=\"async\" width=\"427\" height=\"641\" src=\"https:\/\/hausarzt-wallisellen.ch\/wp-content\/uploads\/2025\/07\/shoot_0101.jpeg\" class=\"attachment-large size-large wp-image-1463\" alt=\"\" srcset=\"https:\/\/hausarzt-wallisellen.ch\/wp-content\/uploads\/2025\/07\/shoot_0101.jpeg 427w, https:\/\/hausarzt-wallisellen.ch\/wp-content\/uploads\/2025\/07\/shoot_0101-200x300.jpeg 200w, https:\/\/hausarzt-wallisellen.ch\/wp-content\/uploads\/2025\/07\/shoot_0101-8x12.jpeg 8w\" sizes=\"(max-width: 427px) 100vw, 427px\" \/>\t\t\t\t\t\t\t\t\t\t\t\t\t\t\t<\/div>\n\t\t\t\t<\/div>\n\t\t\t\t<div class=\"elementor-element elementor-element-dca0dc1 elementor-widget elementor-widget-heading\" data-id=\"dca0dc1\" data-element_type=\"widget\" data-e-type=\"widget\" data-widget_type=\"heading.default\">\n\t\t\t\t<div class=\"elementor-widget-container\">\n\t\t\t\t\t<h3 class=\"elementor-heading-title elementor-size-default\">Serena D\u2019Alessio<\/h3>\t\t\t\t<\/div>\n\t\t\t\t<\/div>\n\t\t\t\t<div class=\"elementor-element elementor-element-67a3eee elementor-widget elementor-widget-heading\" data-id=\"67a3eee\" data-element_type=\"widget\" data-e-type=\"widget\" data-widget_type=\"heading.default\">\n\t\t\t\t<div class=\"elementor-widget-container\">\n\t\t\t\t\t<p class=\"elementor-heading-title elementor-size-default\">Lernende Med. Praxisassistentin<\/p>\t\t\t\t<\/div>\n\t\t\t\t<\/div>\n\t\t\t\t<\/div>\n\t\t\t\t<\/div>\n\t\t<\/div><\/div><\/div>\t\t\t\t<\/div>\n\t\t\t\t<\/div>\n\t\t\t\t\t<\/div>\n\t\t\t\t<\/div>\n\t\t\t\t<\/div>\n\t\t","protected":false},"excerpt":{"rendered":"<p>Ihre Gesundheit liegt uns am Herzen Wir freuen uns, Sie in unserer Arztpraxis im Zentrum von Wallisellen begr\u00fcssen zu d\u00fcrfen. Auf rund 200m2 Fl\u00e4che erwartet Sie eine hochmoderne, rollstuhlg\u00e4ngige und verkehrstechnisch gut erschlossene Arztpraxis. Als Facharzt f\u00fcr Innere Medizin ist es mir ein grosses Anliegen, Sie individuell und ganzheitlich zu betreuen. Wenn Sie einen Arzt [&hellip;]<\/p>\n","protected":false},"author":1,"featured_media":1162,"parent":0,"menu_order":0,"comment_status":"closed","ping_status":"closed","template":"elementor_header_footer","meta":{"footnotes":""},"class_list":["post-2","page","type-page","status-publish","has-post-thumbnail","hentry"],"_links":{"self":[{"href":"https:\/\/hausarzt-wallisellen.ch\/en\/wp-json\/wp\/v2\/pages\/2","targetHints":{"allow":["GET"]}}],"collection":[{"href":"https:\/\/hausarzt-wallisellen.ch\/en\/wp-json\/wp\/v2\/pages"}],"about":[{"href":"https:\/\/hausarzt-wallisellen.ch\/en\/wp-json\/wp\/v2\/types\/page"}],"author":[{"embeddable":true,"href":"https:\/\/hausarzt-wallisellen.ch\/en\/wp-json\/wp\/v2\/users\/1"}],"replies":[{"embeddable":true,"href":"https:\/\/hausarzt-wallisellen.ch\/en\/wp-json\/wp\/v2\/comments?post=2"}],"version-history":[{"count":20,"href":"https:\/\/hausarzt-wallisellen.ch\/en\/wp-json\/wp\/v2\/pages\/2\/revisions"}],"predecessor-version":[{"id":1516,"href":"https:\/\/hausarzt-wallisellen.ch\/en\/wp-json\/wp\/v2\/pages\/2\/revisions\/1516"}],"wp:featuredmedia":[{"embeddable":true,"href":"https:\/\/hausarzt-wallisellen.ch\/en\/wp-json\/wp\/v2\/media\/1162"}],"wp:attachment":[{"href":"https:\/\/hausarzt-wallisellen.ch\/en\/wp-json\/wp\/v2\/media?parent=2"}],"curies":[{"name":"wp","href":"https:\/\/api.w.org\/{rel}","templated":true}]}}